{"id":1052,"date":"2017-07-12T14:47:25","date_gmt":"2017-07-12T14:47:25","guid":{"rendered":"http:\/\/test.steinzeit-ucki.de\/?page_id=175"},"modified":"2017-07-12T14:47:25","modified_gmt":"2017-07-12T14:47:25","slug":"najstarszy-baby-pogrzeb","status":"publish","type":"page","link":"https:\/\/www.gross-fredenwalde.de\/?page_id=1052&lang=pl","title":{"rendered":"Najstarsze poch\u00f3wku dziecka"},"content":{"rendered":"<h2 class=\"tiny_p\">Sensacyjne znaleziska z po\u0142owy epoki kamienia<\/h2>\n<p class=\"tiny_p\">1962 szcz\u0105tki 6 os\u00f3b, osadzone w czerwonym piasku, znaleziono podczas prac budowlanych na winnicy w Gro\u00df Fredenwalde. W dw\u00f3ch przypadkach, jedna osoba doros\u0142a zosta\u0142a pochow<img decoding=\"async\" loading=\"lazy\" title=\"Lufbild Weinberg JWacker\" src=\"https:\/\/fotos.verwaltungsportal.de\/seitengenerator\/gross\/gf1-luftbild-jwacker.jpg\" alt=\"Lufbild Weinberg JWacker\" width=\"210\" height=\"143\">ana razem z dzieckiem. Produkty by\u0142y pfriemen ko\u015bci, \u0142opatki Flint i tr\u00f3jniki. Na czaszki, przebili z\u0119by by\u0142y naci\u0105gni\u0119te w czole i okolicy \u015bwi\u0105tyni. By\u0142y one oczywi\u015bcie noszone na Wst\u0105\u017cce gwintowane jako nakrycia g\u0142owy. Pogrzeb mia\u0142 miejsce oko\u0142o 8000 lat temu. W tym czasie by\u0142o to zaskakuj\u0105ce odkrycie i wielu gr\u00f3b musia\u0142 by\u0107 uratowany prowizorycznym. Dlatego dok\u0142adna lokalizacja poszczeg\u00f3lnych szkielet\u00f3w nie jest znana.<\/p>\n<p class=\"tiny_p\">W 2012, po raz drugi Arch\u00e4\u00f6logen studiowa\u0142 stare plony na winnicy. Zawieszki z\u0119b\u00f3w zwierz\u0105t i inne prezenty pogrzebowe zosta\u0142y znalezione. Ponadto w bezpo\u015brednim s\u0105siedztwie stwierdzono dalsze nienaruszone przebarwienia. 2014 uda\u0142o si\u0119 wystawia\u0107 dwa wi\u0119cej ludzkich grob\u00f3w.<\/p>\n<h5 class=\"tiny_p\"><strong>Bardzo nietypowe:&#8230;<\/strong><\/h5>\n<p class=\"tiny_p\">W grobie by\u0142 m\u0142ody cz\u0142owiek przed ca. 7000 lat w niecodzienny spos\u00f3b: ko\u015bci by\u0142y pocz\u0105tkowo nieuporz\u0105dkowane i tylko ko\u015bci n\u00f3g by\u0142y prawie w ich w\u0142a\u015bciwej pozycji. Jednak, ko\u015bci n\u00f3g by\u0142y zwykle w plonach. Po<\/p>\n<div><a title=\"Zdj\u0119cie pogrzebowe Man: A. Kotula\" href=\"https:\/\/fotos.verwaltungsportal.de\/seitengenerator\/gross\/gf5-bestattungmann-akotula1.jpg\" rel=\"scaleableimage\"><span id=\"hoverOverlay100821\"><\/span><img decoding=\"async\" loading=\"lazy\" title=\"Zdj\u0119cie pogrzebowe Man: A. Kotula\" src=\"https:\/\/fotos.verwaltungsportal.de\/seitengenerator\/gross\/gf5-bestattungmann-akotula1.jpg\" alt=\"Zdj\u0119cie pogrzebowe Man: A. Kotula\" width=\"200\" height=\"133\"><span id=\"magnifierGlass100821\"><img decoding=\"async\" src=\"https:\/\/layout.verwaltungsportal.de\/global\/interaktiv\/buttons\/overlay_search_white_v2.png\"><\/span><\/a><\/div>\n<p>Widok naukowc\u00f3w jest tylko jedno wyja\u015bnienie tego niezwyk\u0142ego po\u0142o\u017cenia ko\u015bci: zw\u0142oki w ca. 1,60 m wysoko\u015bci cz\u0142owiek musi by\u0107 umieszczony pionowo w g\u0142\u0119bokim pit z niekt\u00f3rych no\u017cy kamiennych jako dodatek. Przypuszczalnie martwy cz\u0142owiek by\u0142 oparty na \u015bcianie i wype\u0142nienie pit do kolan z bogatym.\u00a0 Dopiero wtedy, gdy zw\u0142oki zosta\u0142y zepsute, \u017ce pit zosta\u0142 ostatecznie pokryty ziemi\u0105, a krewni \u015bwieci pami\u0105tkowy ogie\u0144 nad grobem na koniec ceremonii pogrzebowej.<\/p>\n<h5 class=\"tiny_p\"><strong>Najstarsze poch\u00f3wku dziecka <\/strong><\/h5>\n<p class=\"tiny_p\">Drugi, ma\u0142y grobowiec zosta\u0142 odzyskany jako blok ziemi i zosta\u0142 przywiezio<a title=\"Uniwersytet technologiczny i ekonomiczny\" href=\"http:\/\/krg.htw-berlin.de\/\" target=\"_blank\" rel=\"noopener\">ny do Berlina przez pracowni\u0119 Uniwersytetu technologi<\/a>cznego i ekonomicznego. Tam by\u0142o stopniowo uwolnienie innego wra\u017cenia: w<\/p>\n<div><a title=\"Babybgr\u00e4bnis Zdj\u0119cie: Dr. Jungklaus\" href=\"https:\/\/fotos.verwaltungsportal.de\/seitengenerator\/gross\/foto_babybegraebnis_jungklaus.jpg\" rel=\"scaleableimage\"><span id=\"hoverOverlay125208\"><\/span><img decoding=\"async\" loading=\"lazy\" title=\"Babybgr\u00e4bnis Zdj\u0119cie: Dr. Jungklaus\" src=\"https:\/\/fotos.verwaltungsportal.de\/seitengenerator\/gross\/foto_babybegraebnis_jungklaus.jpg\" alt=\"Babybgr\u00e4bnis Zdj\u0119cie: Dr. Jungklaus\" width=\"204\" height=\"154\"><span id=\"magnifierGlass125208\"><img decoding=\"async\" src=\"https:\/\/layout.verwaltungsportal.de\/global\/interaktiv\/buttons\/overlay_search_white_v2.png\"><\/span><\/a><\/div>\n<p>Ma\u0142e przynios\u0142y jest troch\u0119 miesi\u0105ca \u017cycia dziecka posypane czerwon\u0105 farb\u0105 przed przynios\u0142y wylana. Czerwony kolor mo\u017ce symbolizowa\u0107 krew i \u017cycie. Ma\u0142y grobowiec, z wiekiem oko\u0142o 8400 lat, by\u0142 najstarszym miejscu poch\u00f3wku znaleziono, i by\u0142a by\u0107 mo\u017ce okazj\u0105 do stworzenia prawdziwego ziemi poch\u00f3wku dla grupy na winnicy, kt\u00f3re cz\u0119\u015bciej przeni\u00f3s\u0142 si\u0119 ich pojemniki na kolektory, my\u015bliwych i rybak\u00f3w.<\/p>\n<p class=\"tiny_p\">&quot;to jest najwcze\u015bniejsze znane dziecko poch\u00f3wku w Europie \u015arodkowej, \u017ce wiemy&quot;, m\u00f3wi w Brandenburgii Pa\u0144stwa archeolog profesor Franz Schopper.<\/p>\n<h5 class=\"tiny_p\"><strong>I co si\u0119 teraz dzieje?<\/strong><\/h5>\n<p class=\"tiny_p\">Prof. Thomas Terberger zainspirowa\u0142 wykopaliska na winnicy i prowadzi dochodzenie.<\/p>\n<p class=\"tiny_p\"><span id=\"fbPhotoSnowliftCaption\" class=\"fbPhotosPhotoCaption\" tabindex=\"0\" aria-live=\"polite\" data-ft=\"{&quot;tn&quot;:&quot;K&quot;}\"><span class=\"hasCaption\">&quot;uda\u0142o nam si\u0119 wytropi\u0107 najstarsze pole poch\u00f3wku w Niemczech.\u00a0 Odkrycie b\u0119dzie zrewolucjonizowa\u0107 nasz\u0105 wiedz\u0119 o po\u0142owie epoki kamienia.<\/span><\/span><\/p>\n<p class=\"tiny_p\">Dla profesora Terberger, odkrycia by\u0142y bardzo szczeg\u00f3lne do\u015bwiadczenie. Wyszli na jaw dwa specjalne spodnia. Pozosta\u0142o\u015bci \u015brodkowego neolitu ludzie daj\u0105 nam wielorakie spojrzenie na \u017cycie przed tym d\u0142ugim czasie. Dzisiaj, metody naukowe mog\u0105 by\u0107 wykorzystane do wywo\u0142ania ekscytuj\u0105cych spostrze\u017ce\u0144 ze szkielet\u00f3w. Tak wi\u0119c, oceny nie zosta\u0142y jeszcze zako\u0144czone i istnieje podejrzenie, \u017ce nadal istniej\u0105 inne niespodzianki czekaj\u0105 na ich odkrycie na winnicy.<\/p>\n<p>Kliknij tutaj, aby przej\u015b\u0107 do aktualnego<a href=\"http:\/\/doku.gross-fredenwalde.de\/Pressemappe 2014-2016 Internet.pdf\"> zestawu prasowego:<\/a><\/p>\n","protected":false},"excerpt":{"rendered":"<p>Sensacyjne znaleziska z po\u0142owy epoki kamienia 1962 szcz\u0105tki 6 os\u00f3b, osadzone w czerwonym piasku, znaleziono podczas prac budowlanych na winnicy w Gro\u00df Fredenwalde. W dw\u00f3ch przypadkach, jedna osoba doros\u0142a zosta\u0142a pochowana razem z dzieckiem. Produkty by\u0142y pfriemen ko\u015bci, \u0142opatki Flint i tr\u00f3jniki. Na czaszki, przebili z\u0119by by\u0142y naci\u0105gni\u0119te w czole i okolicy \u015bwi\u0105tyni. By\u0142y one &hellip; <\/p>\n<p class=\"link-more\"><a href=\"https:\/\/www.gross-fredenwalde.de\/?page_id=1052&#038;lang=pl\" class=\"more-link\"><span class=\"screen-reader-text\">\u201eNajstarsze poch\u00f3wku dziecka\u201c<\/span> weiterlesen<\/a><\/p>\n","protected":false},"author":1,"featured_media":0,"parent":0,"menu_order":1,"comment_status":"closed","ping_status":"closed","template":"","meta":{"_mi_skip_tracking":false,"ngg_post_thumbnail":0},"acf":[],"aioseo_notices":[],"_links":{"self":[{"href":"https:\/\/www.gross-fredenwalde.de\/index.php?rest_route=\/wp\/v2\/pages\/1052"}],"collection":[{"href":"https:\/\/www.gross-fredenwalde.de\/index.php?rest_route=\/wp\/v2\/pages"}],"about":[{"href":"https:\/\/www.gross-fredenwalde.de\/index.php?rest_route=\/wp\/v2\/types\/page"}],"author":[{"embeddable":true,"href":"https:\/\/www.gross-fredenwalde.de\/index.php?rest_route=\/wp\/v2\/users\/1"}],"replies":[{"embeddable":true,"href":"https:\/\/www.gross-fredenwalde.de\/index.php?rest_route=%2Fwp%2Fv2%2Fcomments&post=1052"}],"version-history":[{"count":0,"href":"https:\/\/www.gross-fredenwalde.de\/index.php?rest_route=\/wp\/v2\/pages\/1052\/revisions"}],"wp:attachment":[{"href":"https:\/\/www.gross-fredenwalde.de\/index.php?rest_route=%2Fwp%2Fv2%2Fmedia&parent=1052"}],"curies":[{"name":"wp","href":"https:\/\/api.w.org\/{rel}","templated":true}]}}